{"id":1079,"date":"2024-09-03T09:08:44","date_gmt":"2024-09-03T09:08:44","guid":{"rendered":"https:\/\/dramstad.art\/?page_id=1079"},"modified":"2024-11-23T13:29:35","modified_gmt":"2024-11-23T13:29:35","slug":"paintings-trondelag-august-2024","status":"publish","type":"page","link":"https:\/\/dramstad.art\/nb\/paintings-trondelag-august-2024\/","title":{"rendered":"Paintings tr\u00f8ndelag august 2024"},"content":{"rendered":"<div class=\"wp-block-group alignwide\"><div class=\"wp-block-group__inner-container is-layout-constrained wp-block-group-is-layout-constrained\">\n<div class=\"wp-block-columns are-vertically-aligned-bottom is-layout-flex wp-container-core-columns-is-layout-9d6595d7 wp-block-columns-is-layout-flex\">\n<div class=\"wp-block-column is-vertically-aligned-bottom is-layout-flow wp-block-column-is-layout-flow\" style=\"flex-basis:30%\"><\/div>\n\n\n\n<div class=\"wp-block-column is-vertically-aligned-bottom is-layout-flow wp-block-column-is-layout-flow\" style=\"flex-basis:50%\">\n<div class=\"wp-block-group is-vertical is-layout-flex wp-container-core-group-is-layout-8cf370e7 wp-block-group-is-layout-flex\">\n<figure class=\"wp-block-image size-large\"><img loading=\"lazy\" decoding=\"async\" width=\"761\" height=\"1024\" src=\"https:\/\/dramstad.art\/wp-content\/uploads\/2024\/09\/Dag-Arild-Dramstad-Landscape-trondelag-4-august-2024-761x1024.jpg\" alt=\"Dag-Arild-Dramstad-Landscape-trondelag-4-august-2024\" class=\"wp-image-1080\" srcset=\"https:\/\/dramstad.art\/wp-content\/uploads\/2024\/09\/Dag-Arild-Dramstad-Landscape-trondelag-4-august-2024-761x1024.jpg 761w, https:\/\/dramstad.art\/wp-content\/uploads\/2024\/09\/Dag-Arild-Dramstad-Landscape-trondelag-4-august-2024-223x300.jpg 223w, https:\/\/dramstad.art\/wp-content\/uploads\/2024\/09\/Dag-Arild-Dramstad-Landscape-trondelag-4-august-2024-768x1034.jpg 768w, https:\/\/dramstad.art\/wp-content\/uploads\/2024\/09\/Dag-Arild-Dramstad-Landscape-trondelag-4-august-2024-9x12.jpg 9w, https:\/\/dramstad.art\/wp-content\/uploads\/2024\/09\/Dag-Arild-Dramstad-Landscape-trondelag-4-august-2024.jpg 1040w\" sizes=\"auto, (max-width: 761px) 100vw, 761px\" \/><\/figure>\n\n\n\n<p>&#8220;<em>Landscape tr\u00f8ndelag No 4 August&#8221;<\/em> (2024)<\/p>\n\n\n\n<p>Acrylic paint on cardboard 60 x 80 cm<\/p>\n\n\n\n<p>Dag Arild Dramstad<\/p>\n<\/div>\n<\/div>\n\n\n\n<div class=\"wp-block-column is-vertically-aligned-bottom is-layout-flow wp-block-column-is-layout-flow\" style=\"flex-basis:30%\"><\/div>\n<\/div>\n\n\n\n<div style=\"height:40px\" aria-hidden=\"true\" class=\"wp-block-spacer\"><\/div>\n\n\n\n<div class=\"wp-block-columns are-vertically-aligned-bottom is-layout-flex wp-container-core-columns-is-layout-9d6595d7 wp-block-columns-is-layout-flex\">\n<div class=\"wp-block-column is-vertically-aligned-bottom is-layout-flow wp-block-column-is-layout-flow\" style=\"flex-basis:30%\"><\/div>\n\n\n\n<div class=\"wp-block-column is-vertically-aligned-bottom is-layout-flow wp-block-column-is-layout-flow\" style=\"flex-basis:50%\">\n<div class=\"wp-block-group is-vertical is-layout-flex wp-container-core-group-is-layout-8cf370e7 wp-block-group-is-layout-flex\">\n<figure class=\"wp-block-image size-large\"><img loading=\"lazy\" decoding=\"async\" width=\"765\" height=\"1024\" src=\"https:\/\/dramstad.art\/wp-content\/uploads\/2024\/09\/Dag-Arild-Dramstad-Landscape-trondelag-2-august-2024-765x1024.jpg\" alt=\"Landscape tr\u00f8ndelag No 2 August 2024 - Dag Arild Dramstad\" class=\"wp-image-1081\" srcset=\"https:\/\/dramstad.art\/wp-content\/uploads\/2024\/09\/Dag-Arild-Dramstad-Landscape-trondelag-2-august-2024-765x1024.jpg 765w, https:\/\/dramstad.art\/wp-content\/uploads\/2024\/09\/Dag-Arild-Dramstad-Landscape-trondelag-2-august-2024-224x300.jpg 224w, https:\/\/dramstad.art\/wp-content\/uploads\/2024\/09\/Dag-Arild-Dramstad-Landscape-trondelag-2-august-2024-768x1028.jpg 768w, https:\/\/dramstad.art\/wp-content\/uploads\/2024\/09\/Dag-Arild-Dramstad-Landscape-trondelag-2-august-2024-9x12.jpg 9w, https:\/\/dramstad.art\/wp-content\/uploads\/2024\/09\/Dag-Arild-Dramstad-Landscape-trondelag-2-august-2024.jpg 1100w\" sizes=\"auto, (max-width: 765px) 100vw, 765px\" \/><\/figure>\n\n\n\n<p>&#8220;<em>Landscape tr\u00f8ndelag No 2 August&#8221;<\/em> (2024)<\/p>\n\n\n\n<p>Acrylic paint on cardboard 60 x 80 cm<\/p>\n\n\n\n<p>Dag Arild Dramstad<\/p>\n<\/div>\n<\/div>\n\n\n\n<div class=\"wp-block-column is-vertically-aligned-bottom is-layout-flow wp-block-column-is-layout-flow\" style=\"flex-basis:30%\"><\/div>\n<\/div>\n\n\n\n<div style=\"height:100px\" aria-hidden=\"true\" class=\"wp-block-spacer\"><\/div>\n\n\n\n<div class=\"wp-block-columns are-vertically-aligned-bottom is-layout-flex wp-container-core-columns-is-layout-9d6595d7 wp-block-columns-is-layout-flex\">\n<div class=\"wp-block-column is-vertically-aligned-bottom is-layout-flow wp-block-column-is-layout-flow\" style=\"flex-basis:30%\"><\/div>\n\n\n\n<div class=\"wp-block-column is-vertically-aligned-bottom is-layout-flow wp-block-column-is-layout-flow\" style=\"flex-basis:50%\">\n<div class=\"wp-block-group is-vertical is-layout-flex wp-container-core-group-is-layout-8cf370e7 wp-block-group-is-layout-flex\">\n<figure class=\"wp-block-image size-large\"><img loading=\"lazy\" decoding=\"async\" width=\"796\" height=\"1024\" src=\"https:\/\/dramstad.art\/wp-content\/uploads\/2024\/11\/Dag-Arild-Dramstad-Landscape-trondelag-No-5-August-2024-796x1024.jpg\" alt=\"Dag Arild Dramstad - Landscape tr\u00f8ndelag No 5 August 2024\" class=\"wp-image-1207\" srcset=\"https:\/\/dramstad.art\/wp-content\/uploads\/2024\/11\/Dag-Arild-Dramstad-Landscape-trondelag-No-5-August-2024-796x1024.jpg 796w, https:\/\/dramstad.art\/wp-content\/uploads\/2024\/11\/Dag-Arild-Dramstad-Landscape-trondelag-No-5-August-2024-233x300.jpg 233w, https:\/\/dramstad.art\/wp-content\/uploads\/2024\/11\/Dag-Arild-Dramstad-Landscape-trondelag-No-5-August-2024-768x988.jpg 768w, https:\/\/dramstad.art\/wp-content\/uploads\/2024\/11\/Dag-Arild-Dramstad-Landscape-trondelag-No-5-August-2024-1193x1536.jpg 1193w, https:\/\/dramstad.art\/wp-content\/uploads\/2024\/11\/Dag-Arild-Dramstad-Landscape-trondelag-No-5-August-2024-1591x2048.jpg 1591w, https:\/\/dramstad.art\/wp-content\/uploads\/2024\/11\/Dag-Arild-Dramstad-Landscape-trondelag-No-5-August-2024-9x12.jpg 9w, https:\/\/dramstad.art\/wp-content\/uploads\/2024\/11\/Dag-Arild-Dramstad-Landscape-trondelag-No-5-August-2024-1320x1699.jpg 1320w, https:\/\/dramstad.art\/wp-content\/uploads\/2024\/11\/Dag-Arild-Dramstad-Landscape-trondelag-No-5-August-2024-1200x1544.jpg 1200w, https:\/\/dramstad.art\/wp-content\/uploads\/2024\/11\/Dag-Arild-Dramstad-Landscape-trondelag-No-5-August-2024-scaled.jpg 1989w\" sizes=\"auto, (max-width: 796px) 100vw, 796px\" \/><\/figure>\n\n\n\n<p>&#8220;<em>Landscape tr\u00f8ndelag No 5 August&#8221;<\/em> (2024)<\/p>\n\n\n\n<p>Acrylic paint on cardboard 60 x 80 cm<\/p>\n\n\n\n<p>Dag Arild Dramstad<\/p>\n<\/div>\n<\/div>\n\n\n\n<div class=\"wp-block-column is-vertically-aligned-bottom is-layout-flow wp-block-column-is-layout-flow\" style=\"flex-basis:30%\"><\/div>\n<\/div>\n\n\n\n<div style=\"height:100px\" aria-hidden=\"true\" class=\"wp-block-spacer\"><\/div>\n\n\n\n<div class=\"wp-block-columns are-vertically-aligned-bottom is-layout-flex wp-container-core-columns-is-layout-9d6595d7 wp-block-columns-is-layout-flex\">\n<div class=\"wp-block-column is-vertically-aligned-bottom is-layout-flow wp-block-column-is-layout-flow\" style=\"flex-basis:30%\"><\/div>\n\n\n\n<div class=\"wp-block-column is-vertically-aligned-bottom is-layout-flow wp-block-column-is-layout-flow\" style=\"flex-basis:50%\">\n<div class=\"wp-block-group is-vertical is-layout-flex wp-container-core-group-is-layout-8cf370e7 wp-block-group-is-layout-flex\">\n<figure class=\"wp-block-image size-large\"><img loading=\"lazy\" decoding=\"async\" width=\"774\" height=\"1024\" src=\"https:\/\/dramstad.art\/wp-content\/uploads\/2024\/11\/Dag-Arild-Dramstad-Landscape-trondelag-No-7-August-2024-774x1024.jpg\" alt=\"Dag Arild Dramstad - Landscape tr\u00f8ndelag No 7 August 2024\" class=\"wp-image-1209\" srcset=\"https:\/\/dramstad.art\/wp-content\/uploads\/2024\/11\/Dag-Arild-Dramstad-Landscape-trondelag-No-7-August-2024-774x1024.jpg 774w, https:\/\/dramstad.art\/wp-content\/uploads\/2024\/11\/Dag-Arild-Dramstad-Landscape-trondelag-No-7-August-2024-227x300.jpg 227w, https:\/\/dramstad.art\/wp-content\/uploads\/2024\/11\/Dag-Arild-Dramstad-Landscape-trondelag-No-7-August-2024-768x1016.jpg 768w, https:\/\/dramstad.art\/wp-content\/uploads\/2024\/11\/Dag-Arild-Dramstad-Landscape-trondelag-No-7-August-2024-1161x1536.jpg 1161w, https:\/\/dramstad.art\/wp-content\/uploads\/2024\/11\/Dag-Arild-Dramstad-Landscape-trondelag-No-7-August-2024-1548x2048.jpg 1548w, https:\/\/dramstad.art\/wp-content\/uploads\/2024\/11\/Dag-Arild-Dramstad-Landscape-trondelag-No-7-August-2024-9x12.jpg 9w, https:\/\/dramstad.art\/wp-content\/uploads\/2024\/11\/Dag-Arild-Dramstad-Landscape-trondelag-No-7-August-2024-1320x1746.jpg 1320w, https:\/\/dramstad.art\/wp-content\/uploads\/2024\/11\/Dag-Arild-Dramstad-Landscape-trondelag-No-7-August-2024-1200x1587.jpg 1200w, https:\/\/dramstad.art\/wp-content\/uploads\/2024\/11\/Dag-Arild-Dramstad-Landscape-trondelag-No-7-August-2024-scaled.jpg 1935w\" sizes=\"auto, (max-width: 774px) 100vw, 774px\" \/><\/figure>\n\n\n\n<p>&#8220;<em>Landscape tr\u00f8ndelag No 7 August&#8221;<\/em> (2024)<\/p>\n\n\n\n<p>Acrylic paint on cardboard 60 x 80 cm<\/p>\n\n\n\n<p>Dag Arild Dramstad<\/p>\n<\/div>\n<\/div>\n\n\n\n<div class=\"wp-block-column is-vertically-aligned-bottom is-layout-flow wp-block-column-is-layout-flow\" style=\"flex-basis:30%\"><\/div>\n<\/div>\n\n\n\n<div style=\"height:100px\" aria-hidden=\"true\" class=\"wp-block-spacer\"><\/div>\n\n\n\n<div class=\"wp-block-columns are-vertically-aligned-bottom is-layout-flex wp-container-core-columns-is-layout-9d6595d7 wp-block-columns-is-layout-flex\">\n<div class=\"wp-block-column is-vertically-aligned-bottom is-layout-flow wp-block-column-is-layout-flow\" style=\"flex-basis:30%\"><\/div>\n\n\n\n<div class=\"wp-block-column is-vertically-aligned-bottom is-layout-flow wp-block-column-is-layout-flow\" style=\"flex-basis:50%\">\n<div class=\"wp-block-group is-vertical is-layout-flex wp-container-core-group-is-layout-8cf370e7 wp-block-group-is-layout-flex\">\n<figure class=\"wp-block-image size-large\"><img loading=\"lazy\" decoding=\"async\" width=\"760\" height=\"1024\" src=\"https:\/\/dramstad.art\/wp-content\/uploads\/2024\/11\/Dag-Arild-Dramstad-Landscape-trondelag-No-3-August-2024-760x1024.jpg\" alt=\"Dag Arild Dramstad - Landscape tr\u00f8ndelag No 3 August 2024\" class=\"wp-image-1206\" srcset=\"https:\/\/dramstad.art\/wp-content\/uploads\/2024\/11\/Dag-Arild-Dramstad-Landscape-trondelag-No-3-August-2024-760x1024.jpg 760w, https:\/\/dramstad.art\/wp-content\/uploads\/2024\/11\/Dag-Arild-Dramstad-Landscape-trondelag-No-3-August-2024-223x300.jpg 223w, https:\/\/dramstad.art\/wp-content\/uploads\/2024\/11\/Dag-Arild-Dramstad-Landscape-trondelag-No-3-August-2024-768x1035.jpg 768w, https:\/\/dramstad.art\/wp-content\/uploads\/2024\/11\/Dag-Arild-Dramstad-Landscape-trondelag-No-3-August-2024-1140x1536.jpg 1140w, https:\/\/dramstad.art\/wp-content\/uploads\/2024\/11\/Dag-Arild-Dramstad-Landscape-trondelag-No-3-August-2024-1519x2048.jpg 1519w, https:\/\/dramstad.art\/wp-content\/uploads\/2024\/11\/Dag-Arild-Dramstad-Landscape-trondelag-No-3-August-2024-9x12.jpg 9w, https:\/\/dramstad.art\/wp-content\/uploads\/2024\/11\/Dag-Arild-Dramstad-Landscape-trondelag-No-3-August-2024-1320x1779.jpg 1320w, https:\/\/dramstad.art\/wp-content\/uploads\/2024\/11\/Dag-Arild-Dramstad-Landscape-trondelag-No-3-August-2024-1200x1618.jpg 1200w, https:\/\/dramstad.art\/wp-content\/uploads\/2024\/11\/Dag-Arild-Dramstad-Landscape-trondelag-No-3-August-2024-scaled.jpg 1899w\" sizes=\"auto, (max-width: 760px) 100vw, 760px\" \/><\/figure>\n\n\n\n<p>&#8220;<em>Landscape tr\u00f8ndelag No 3 August&#8221;<\/em> (2024)<\/p>\n\n\n\n<p>Acrylic paint on cardboard 60 x 80 cm<\/p>\n\n\n\n<p>Dag Arild Dramstad<\/p>\n<\/div>\n<\/div>\n\n\n\n<div class=\"wp-block-column is-vertically-aligned-bottom is-layout-flow wp-block-column-is-layout-flow\" style=\"flex-basis:30%\"><\/div>\n<\/div>\n\n\n\n<div style=\"height:100px\" aria-hidden=\"true\" class=\"wp-block-spacer\"><\/div>\n\n\n\n<div class=\"wp-block-columns are-vertically-aligned-bottom is-layout-flex wp-container-core-columns-is-layout-9d6595d7 wp-block-columns-is-layout-flex\">\n<div class=\"wp-block-column is-vertically-aligned-bottom is-layout-flow wp-block-column-is-layout-flow\" style=\"flex-basis:30%\"><\/div>\n\n\n\n<div class=\"wp-block-column is-vertically-aligned-bottom is-layout-flow wp-block-column-is-layout-flow\" style=\"flex-basis:50%\">\n<div class=\"wp-block-group is-vertical is-layout-flex wp-container-core-group-is-layout-8cf370e7 wp-block-group-is-layout-flex\">\n<figure class=\"wp-block-image size-large\"><img loading=\"lazy\" decoding=\"async\" width=\"759\" height=\"1024\" src=\"https:\/\/dramstad.art\/wp-content\/uploads\/2024\/11\/Dag-Arild-Dramstad-Landscape-trondelag-No-6-August-2024-759x1024.jpg\" alt=\"Dag Arild Dramstad - Landscape tr\u00f8ndelag No 6 August 2024\" class=\"wp-image-1208\" srcset=\"https:\/\/dramstad.art\/wp-content\/uploads\/2024\/11\/Dag-Arild-Dramstad-Landscape-trondelag-No-6-August-2024-759x1024.jpg 759w, https:\/\/dramstad.art\/wp-content\/uploads\/2024\/11\/Dag-Arild-Dramstad-Landscape-trondelag-No-6-August-2024-222x300.jpg 222w, https:\/\/dramstad.art\/wp-content\/uploads\/2024\/11\/Dag-Arild-Dramstad-Landscape-trondelag-No-6-August-2024-768x1036.jpg 768w, https:\/\/dramstad.art\/wp-content\/uploads\/2024\/11\/Dag-Arild-Dramstad-Landscape-trondelag-No-6-August-2024-1139x1536.jpg 1139w, https:\/\/dramstad.art\/wp-content\/uploads\/2024\/11\/Dag-Arild-Dramstad-Landscape-trondelag-No-6-August-2024-1518x2048.jpg 1518w, https:\/\/dramstad.art\/wp-content\/uploads\/2024\/11\/Dag-Arild-Dramstad-Landscape-trondelag-No-6-August-2024-9x12.jpg 9w, https:\/\/dramstad.art\/wp-content\/uploads\/2024\/11\/Dag-Arild-Dramstad-Landscape-trondelag-No-6-August-2024-1320x1781.jpg 1320w, https:\/\/dramstad.art\/wp-content\/uploads\/2024\/11\/Dag-Arild-Dramstad-Landscape-trondelag-No-6-August-2024-1200x1619.jpg 1200w, https:\/\/dramstad.art\/wp-content\/uploads\/2024\/11\/Dag-Arild-Dramstad-Landscape-trondelag-No-6-August-2024-scaled.jpg 1898w\" sizes=\"auto, (max-width: 759px) 100vw, 759px\" \/><\/figure>\n\n\n\n<p>&#8220;<em>Landscape tr\u00f8ndelag No 6 August&#8221;<\/em> (2024)<\/p>\n\n\n\n<p>Acrylic paint on cardboard 60 x 80 cm<\/p>\n\n\n\n<p>Dag Arild Dramstad<\/p>\n<\/div>\n<\/div>\n\n\n\n<div class=\"wp-block-column is-vertically-aligned-bottom is-layout-flow wp-block-column-is-layout-flow\" style=\"flex-basis:30%\"><\/div>\n<\/div>\n\n\n\n<div style=\"height:100px\" aria-hidden=\"true\" class=\"wp-block-spacer\"><\/div>\n\n\n\n<div class=\"wp-block-columns are-vertically-aligned-bottom is-layout-flex wp-container-core-columns-is-layout-9d6595d7 wp-block-columns-is-layout-flex\">\n<div class=\"wp-block-column is-vertically-aligned-bottom is-layout-flow wp-block-column-is-layout-flow\" style=\"flex-basis:30%\"><\/div>\n\n\n\n<div class=\"wp-block-column is-vertically-aligned-bottom is-layout-flow wp-block-column-is-layout-flow\" style=\"flex-basis:50%\">\n<div class=\"wp-block-group is-vertical is-layout-flex wp-container-core-group-is-layout-8cf370e7 wp-block-group-is-layout-flex\">\n<figure class=\"wp-block-image size-large\"><img loading=\"lazy\" decoding=\"async\" width=\"764\" height=\"1024\" src=\"https:\/\/dramstad.art\/wp-content\/uploads\/2024\/11\/Dag-Arild-Dramstad-Landscape-trondelag-No-8-August-2024-764x1024.jpg\" alt=\"\" class=\"wp-image-1213\" srcset=\"https:\/\/dramstad.art\/wp-content\/uploads\/2024\/11\/Dag-Arild-Dramstad-Landscape-trondelag-No-8-August-2024-764x1024.jpg 764w, https:\/\/dramstad.art\/wp-content\/uploads\/2024\/11\/Dag-Arild-Dramstad-Landscape-trondelag-No-8-August-2024-224x300.jpg 224w, https:\/\/dramstad.art\/wp-content\/uploads\/2024\/11\/Dag-Arild-Dramstad-Landscape-trondelag-No-8-August-2024-768x1029.jpg 768w, https:\/\/dramstad.art\/wp-content\/uploads\/2024\/11\/Dag-Arild-Dramstad-Landscape-trondelag-No-8-August-2024-1146x1536.jpg 1146w, https:\/\/dramstad.art\/wp-content\/uploads\/2024\/11\/Dag-Arild-Dramstad-Landscape-trondelag-No-8-August-2024-1528x2048.jpg 1528w, https:\/\/dramstad.art\/wp-content\/uploads\/2024\/11\/Dag-Arild-Dramstad-Landscape-trondelag-No-8-August-2024-9x12.jpg 9w, https:\/\/dramstad.art\/wp-content\/uploads\/2024\/11\/Dag-Arild-Dramstad-Landscape-trondelag-No-8-August-2024-1320x1769.jpg 1320w, https:\/\/dramstad.art\/wp-content\/uploads\/2024\/11\/Dag-Arild-Dramstad-Landscape-trondelag-No-8-August-2024-1200x1609.jpg 1200w, https:\/\/dramstad.art\/wp-content\/uploads\/2024\/11\/Dag-Arild-Dramstad-Landscape-trondelag-No-8-August-2024-scaled.jpg 1910w\" sizes=\"auto, (max-width: 764px) 100vw, 764px\" \/><\/figure>\n\n\n\n<p>&#8220;<em>Landscape tr\u00f8ndelag No 8 August&#8221;<\/em> (2024)<\/p>\n\n\n\n<p>Acrylic paint on cardboard 60 x 80 cm<\/p>\n\n\n\n<p>Dag Arild Dramstad<\/p>\n<\/div>\n<\/div>\n\n\n\n<div class=\"wp-block-column is-vertically-aligned-bottom is-layout-flow wp-block-column-is-layout-flow\" style=\"flex-basis:30%\"><\/div>\n<\/div>\n\n\n\n<div style=\"height:100px\" aria-hidden=\"true\" class=\"wp-block-spacer\"><\/div>\n\n\n\n<div style=\"height:40px\" aria-hidden=\"true\" class=\"wp-block-spacer\"><\/div>\n<\/div><\/div>\n\n\n\n<p><\/p>\n\n\n\n<div style=\"height:100px\" aria-hidden=\"true\" class=\"wp-block-spacer\"><\/div>\n\n\n\n<div style=\"height:100px\" aria-hidden=\"true\" class=\"wp-block-spacer\"><\/div>","protected":false},"excerpt":{"rendered":"<p>&#8220;Landscape tr\u00f8ndelag No 4 August&#8221; (2024) Acrylic paint on cardboard 60 x 80 cm Dag Arild Dramstad &#8220;Landscape tr\u00f8ndelag No 2 August&#8221; (2024) Acrylic paint on cardboard 60 x 80 cm Dag Arild Dramstad &#8220;Landscape tr\u00f8ndelag No 5 August&#8221; (2024) Acrylic paint on cardboard 60 x 80 cm Dag Arild Dramstad &#8220;Landscape tr\u00f8ndelag No 7&hellip;&nbsp;<a href=\"https:\/\/dramstad.art\/nb\/paintings-trondelag-august-2024\/\" rel=\"bookmark\">Les mer &raquo;<span class=\"screen-reader-text\">Paintings tr\u00f8ndelag august 2024<\/span><\/a><\/p>","protected":false},"author":1,"featured_media":0,"parent":0,"menu_order":0,"comment_status":"closed","ping_status":"closed","template":"","meta":{"neve_meta_sidebar":"","neve_meta_container":"contained","neve_meta_enable_content_width":"on","neve_meta_content_width":100,"neve_meta_title_alignment":"","neve_meta_author_avatar":"","neve_post_elements_order":"","neve_meta_disable_header":"","neve_meta_disable_footer":"","neve_meta_disable_title":"","_themeisle_gutenberg_block_has_review":false,"footnotes":""},"class_list":["post-1079","page","type-page","status-publish","hentry"],"_links":{"self":[{"href":"https:\/\/dramstad.art\/nb\/wp-json\/wp\/v2\/pages\/1079","targetHints":{"allow":["GET"]}}],"collection":[{"href":"https:\/\/dramstad.art\/nb\/wp-json\/wp\/v2\/pages"}],"about":[{"href":"https:\/\/dramstad.art\/nb\/wp-json\/wp\/v2\/types\/page"}],"author":[{"embeddable":true,"href":"https:\/\/dramstad.art\/nb\/wp-json\/wp\/v2\/users\/1"}],"replies":[{"embeddable":true,"href":"https:\/\/dramstad.art\/nb\/wp-json\/wp\/v2\/comments?post=1079"}],"version-history":[{"count":8,"href":"https:\/\/dramstad.art\/nb\/wp-json\/wp\/v2\/pages\/1079\/revisions"}],"predecessor-version":[{"id":1299,"href":"https:\/\/dramstad.art\/nb\/wp-json\/wp\/v2\/pages\/1079\/revisions\/1299"}],"wp:attachment":[{"href":"https:\/\/dramstad.art\/nb\/wp-json\/wp\/v2\/media?parent=1079"}],"curies":[{"name":"wp","href":"https:\/\/api.w.org\/{rel}","templated":true}]}}